{"id":1325,"date":"2023-10-20T14:33:06","date_gmt":"2023-10-20T14:33:06","guid":{"rendered":"http:\/\/agrogis.servehttp.com\/wordpress\/?page_id=1325"},"modified":"2024-01-19T09:54:36","modified_gmt":"2024-01-19T09:54:36","slug":"zemljiste-4","status":"publish","type":"page","link":"https:\/\/agris.rs\/wordpress\/?page_id=1325","title":{"rendered":"Aktivnosti"},"content":{"rendered":"\t\t<div data-elementor-type=\"wp-page\" data-elementor-id=\"1325\" class=\"elementor elementor-1325\">\n\t\t\t\t\t\t<section class=\"elementor-section elementor-top-section elementor-element elementor-element-2a48ecf elementor-section-boxed elementor-section-height-default elementor-section-height-default\" data-id=\"2a48ecf\" data-element_type=\"section\" data-settings=\"{&quot;background_background&quot;:&quot;classic&quot;}\">\n\t\t\t\t\t\t<div class=\"elementor-container elementor-column-gap-default\">\n\t\t\t\t\t<div class=\"elementor-column elementor-col-33 elementor-top-column elementor-element elementor-element-20a8b25e\" data-id=\"20a8b25e\" data-element_type=\"column\">\n\t\t\t<div class=\"elementor-widget-wrap elementor-element-populated\">\n\t\t\t\t\t\t<div class=\"elementor-element elementor-element-1fde63e7 areas-box elementor-position-top elementor-widget elementor-widget-image-box\" data-id=\"1fde63e7\" data-element_type=\"widget\" data-widget_type=\"image-box.default\">\n\t\t\t\t<div class=\"elementor-widget-container\">\n\t\t\t<style>\/*! elementor - v3.21.0 - 08-05-2024 *\/\n.elementor-widget-image-box .elementor-image-box-content{width:100%}@media (min-width:768px){.elementor-widget-image-box.elementor-position-left .elementor-image-box-wrapper,.elementor-widget-image-box.elementor-position-right .elementor-image-box-wrapper{display:flex}.elementor-widget-image-box.elementor-position-right .elementor-image-box-wrapper{text-align:end;flex-direction:row-reverse}.elementor-widget-image-box.elementor-position-left .elementor-image-box-wrapper{text-align:start;flex-direction:row}.elementor-widget-image-box.elementor-position-top .elementor-image-box-img{margin:auto}.elementor-widget-image-box.elementor-vertical-align-top .elementor-image-box-wrapper{align-items:flex-start}.elementor-widget-image-box.elementor-vertical-align-middle .elementor-image-box-wrapper{align-items:center}.elementor-widget-image-box.elementor-vertical-align-bottom .elementor-image-box-wrapper{align-items:flex-end}}@media (max-width:767px){.elementor-widget-image-box .elementor-image-box-img{margin-left:auto!important;margin-right:auto!important;margin-bottom:15px}}.elementor-widget-image-box .elementor-image-box-img{display:inline-block}.elementor-widget-image-box .elementor-image-box-title a{color:inherit}.elementor-widget-image-box .elementor-image-box-wrapper{text-align:center}.elementor-widget-image-box .elementor-image-box-description{margin:0}<\/style><div class=\"elementor-image-box-wrapper\"><figure class=\"elementor-image-box-img\"><a href=\"#\" tabindex=\"-1\"><img fetchpriority=\"high\" decoding=\"async\" width=\"1081\" height=\"405\" src=\"https:\/\/agris.rs\/wordpress\/wp-content\/uploads\/2023\/10\/333333333333333333333.jpg\" class=\"attachment-full size-full wp-image-1503\" alt=\"\" srcset=\"https:\/\/agris.rs\/wordpress\/wp-content\/uploads\/2023\/10\/333333333333333333333.jpg 1081w, https:\/\/agris.rs\/wordpress\/wp-content\/uploads\/2023\/10\/333333333333333333333-300x112.jpg 300w, https:\/\/agris.rs\/wordpress\/wp-content\/uploads\/2023\/10\/333333333333333333333-1024x384.jpg 1024w, https:\/\/agris.rs\/wordpress\/wp-content\/uploads\/2023\/10\/333333333333333333333-768x288.jpg 768w\" sizes=\"(max-width: 1081px) 100vw, 1081px\" \/><\/a><\/figure><div class=\"elementor-image-box-content\"><h2 class=\"elementor-image-box-title\"><a href=\"#\">Letnja \u0161kola<\/a><\/h2><p class=\"elementor-image-box-description\">Prof. dr Vladimir C\u0301iric\u0301 promovi\u0161e zna\u010daj zemlji\u0161ta na letnjoj \u0161koli u okviru projekta Zajedni\u010dkog istra\u017eiva\u010dkog centra Evropske komisije (JRC). Letnja \u0161kola \u201eEvaluacija zaga\u0111enja vazduha, zemlji\u0161ta i vode kao podr\u0161ka Evropskom zelenom dogovoru: holisti\u010dki pristup\u201c odr\u017eana je 4-8. septembra 2023. godine u zgradi Rektorata Univerziteta u Novom Sadu. Prof. dr Vladimir C\u0301iric\u0301 je prezentovao temu \"HANDS ON FIELD SAMPLING EXPERIENCE\" i pokrenuo veoma interesantnu diskusiju o novim alatima za prac\u0301enje, metodama i pristupima za kvantifikaciju i upravljanje prostornom i vremenskom varijabilnosti parametara zemlji\u0161ta. <\/p><\/div><\/div>\t\t<\/div>\n\t\t\t\t<\/div>\n\t\t\t\t<div class=\"elementor-element elementor-element-21e30aa areas-box elementor-position-top elementor-widget elementor-widget-image-box\" data-id=\"21e30aa\" data-element_type=\"widget\" data-widget_type=\"image-box.default\">\n\t\t\t\t<div class=\"elementor-widget-container\">\n\t\t\t<div class=\"elementor-image-box-wrapper\"><figure class=\"elementor-image-box-img\"><a href=\"#\" tabindex=\"-1\"><img decoding=\"async\" width=\"739\" height=\"580\" src=\"https:\/\/agris.rs\/wordpress\/wp-content\/uploads\/2023\/11\/7.png\" class=\"attachment-full size-full wp-image-2944\" alt=\"\" srcset=\"https:\/\/agris.rs\/wordpress\/wp-content\/uploads\/2023\/11\/7.png 739w, https:\/\/agris.rs\/wordpress\/wp-content\/uploads\/2023\/11\/7-300x235.png 300w\" sizes=\"(max-width: 739px) 100vw, 739px\" \/><\/a><\/figure><div class=\"elementor-image-box-content\"><h2 class=\"elementor-image-box-title\"><a href=\"#\">RIM \u2013 Evropska svemirska agencija<\/a><\/h2><p class=\"elementor-image-box-description\">Prof. dr Vladimir \u0106iri\u0107 je 02.07.2019. u Evropskoj svemirskoj agenciji (Rim, Frascati) prisustvovao radnom sastanku o kori\u0161\u0107enju kosmi\u010dkih alata za mapiranje i pra\u0107enje parametara zemlji\u0161ta. Pritom je predstavio svoja istra\u017eivanja pod nazivom \u201ePredicting Soil Organic Matter Content using Machine Learning Models based on Sentinel-2 Imagery\u201d.<\/p><\/div><\/div>\t\t<\/div>\n\t\t\t\t<\/div>\n\t\t\t\t<div class=\"elementor-element elementor-element-9de76c3 areas-box elementor-position-top elementor-widget elementor-widget-image-box\" data-id=\"9de76c3\" data-element_type=\"widget\" data-widget_type=\"image-box.default\">\n\t\t\t\t<div class=\"elementor-widget-container\">\n\t\t\t<div class=\"elementor-image-box-wrapper\"><figure class=\"elementor-image-box-img\"><a href=\"\" target=\"_blank\" tabindex=\"-1\"><img decoding=\"async\" width=\"1849\" height=\"1387\" src=\"https:\/\/agris.rs\/wordpress\/wp-content\/uploads\/2024\/01\/20211209_110845.jpg\" class=\"attachment-full size-full wp-image-4252\" alt=\"\" srcset=\"https:\/\/agris.rs\/wordpress\/wp-content\/uploads\/2024\/01\/20211209_110845.jpg 1849w, https:\/\/agris.rs\/wordpress\/wp-content\/uploads\/2024\/01\/20211209_110845-300x225.jpg 300w, https:\/\/agris.rs\/wordpress\/wp-content\/uploads\/2024\/01\/20211209_110845-1024x768.jpg 1024w, https:\/\/agris.rs\/wordpress\/wp-content\/uploads\/2024\/01\/20211209_110845-768x576.jpg 768w, https:\/\/agris.rs\/wordpress\/wp-content\/uploads\/2024\/01\/20211209_110845-1536x1152.jpg 1536w\" sizes=\"(max-width: 1849px) 100vw, 1849px\" \/><\/a><\/figure><div class=\"elementor-image-box-content\"><h2 class=\"elementor-image-box-title\"><a href=\"\" target=\"_blank\">Izlazak na teren radi izrade Studije o zemlji\u0161tu u Zaje\u010daru<\/a><\/h2><p class=\"elementor-image-box-description\">Godine 2021. izvr\u0161eno je istra\u017eivanje pod nazivom \u201cStudija o zemlji\u0161tu na lokalitetu Jame II (Zaje\u010dar \u2013 54ha)\u201d  Poljoprivredni fakultet, Novi Sad. \u010diji je naru\u010dilac bio Delta Agrar DOO Beograd.<\/p><\/div><\/div>\t\t<\/div>\n\t\t\t\t<\/div>\n\t\t\t\t\t<\/div>\n\t\t<\/div>\n\t\t\t\t<div class=\"elementor-column elementor-col-33 elementor-top-column elementor-element elementor-element-4dda67fa\" data-id=\"4dda67fa\" data-element_type=\"column\">\n\t\t\t<div class=\"elementor-widget-wrap elementor-element-populated\">\n\t\t\t\t\t\t<div class=\"elementor-element elementor-element-726c8b0e areas-box elementor-position-top elementor-widget elementor-widget-image-box\" data-id=\"726c8b0e\" data-element_type=\"widget\" data-widget_type=\"image-box.default\">\n\t\t\t\t<div class=\"elementor-widget-container\">\n\t\t\t<div class=\"elementor-image-box-wrapper\"><figure class=\"elementor-image-box-img\"><a href=\"https:\/\/journals.sagepub.com\/doi\/abs\/10.1177\/00037028231203249\" target=\"_blank\" tabindex=\"-1\"><img loading=\"lazy\" decoding=\"async\" width=\"600\" height=\"314\" src=\"https:\/\/agris.rs\/wordpress\/wp-content\/uploads\/2023\/10\/1696920472880.jpg\" class=\"attachment-full size-full wp-image-1507\" alt=\"\" srcset=\"https:\/\/agris.rs\/wordpress\/wp-content\/uploads\/2023\/10\/1696920472880.jpg 600w, https:\/\/agris.rs\/wordpress\/wp-content\/uploads\/2023\/10\/1696920472880-300x157.jpg 300w\" sizes=\"(max-width: 600px) 100vw, 600px\" \/><\/a><\/figure><div class=\"elementor-image-box-content\"><h2 class=\"elementor-image-box-title\"><a href=\"https:\/\/journals.sagepub.com\/doi\/abs\/10.1177\/00037028231203249\" target=\"_blank\">Nau\u010dni rad<\/a><\/h2><p class=\"elementor-image-box-description\">Mid-Infrared Variable Selection for Soil Organic Matter Fractions Based on Soil Model Systems and Permutation Importance Algorithm\nhttps:\/\/doi.org\/10.1177\/00037028231203249 <\/p><\/div><\/div>\t\t<\/div>\n\t\t\t\t<\/div>\n\t\t\t\t<div class=\"elementor-element elementor-element-4cf9ae32 areas-box elementor-position-top elementor-widget elementor-widget-image-box\" data-id=\"4cf9ae32\" data-element_type=\"widget\" data-widget_type=\"image-box.default\">\n\t\t\t\t<div class=\"elementor-widget-container\">\n\t\t\t<div class=\"elementor-image-box-wrapper\"><figure class=\"elementor-image-box-img\"><a href=\"\" target=\"_blank\" tabindex=\"-1\"><img loading=\"lazy\" decoding=\"async\" width=\"600\" height=\"400\" src=\"https:\/\/agris.rs\/wordpress\/wp-content\/uploads\/2023\/10\/vKSpQKzkckQur3uhDR4NPK-1200-80.jpg\" class=\"attachment-full size-full wp-image-1683\" alt=\"\" srcset=\"https:\/\/agris.rs\/wordpress\/wp-content\/uploads\/2023\/10\/vKSpQKzkckQur3uhDR4NPK-1200-80.jpg 600w, https:\/\/agris.rs\/wordpress\/wp-content\/uploads\/2023\/10\/vKSpQKzkckQur3uhDR4NPK-1200-80-300x200.jpg 300w\" sizes=\"(max-width: 600px) 100vw, 600px\" \/><\/a><\/figure><div class=\"elementor-image-box-content\"><h2 class=\"elementor-image-box-title\"><a href=\"\" target=\"_blank\"><b><span style=\"font-size: 18px;\">Scientific Committee<\/span><\/b><\/a><\/h2><p class=\"elementor-image-box-description\">Profesor dr. Vladimir \u0106iri\u0107 je oktobra 2023. godine postao \u010dlan nau\u010dnog odbora simpozijuma \"ESA SYMPOSIUM ON EARTH OBSERVATION FOR SOIL PROTECTION AND RESTORATION\" Evropske svemirske agencije, koja \u0107e se odr\u017eati 6-7 marta, 2024. godine u Italiji. <br>https:\/\/www.esa.int\/ <br>https:\/\/www.eo4soilprotection.org\/ <\/p><\/div><\/div>\t\t<\/div>\n\t\t\t\t<\/div>\n\t\t\t\t<div class=\"elementor-element elementor-element-7159544 areas-box elementor-position-top elementor-widget elementor-widget-image-box\" data-id=\"7159544\" data-element_type=\"widget\" data-widget_type=\"image-box.default\">\n\t\t\t\t<div class=\"elementor-widget-container\">\n\t\t\t<div class=\"elementor-image-box-wrapper\"><figure class=\"elementor-image-box-img\"><a href=\"\" target=\"_blank\" tabindex=\"-1\"><img loading=\"lazy\" decoding=\"async\" width=\"758\" height=\"396\" src=\"https:\/\/agris.rs\/wordpress\/wp-content\/uploads\/2023\/11\/999.png\" class=\"attachment-full size-full wp-image-2961\" alt=\"\" srcset=\"https:\/\/agris.rs\/wordpress\/wp-content\/uploads\/2023\/11\/999.png 758w, https:\/\/agris.rs\/wordpress\/wp-content\/uploads\/2023\/11\/999-300x157.png 300w\" sizes=\"(max-width: 758px) 100vw, 758px\" \/><\/a><\/figure><div class=\"elementor-image-box-content\"><h2 class=\"elementor-image-box-title\"><a href=\"\" target=\"_blank\">Go\u010d \u2013 Simpozijum o zemlji\u0161tu<\/a><\/h2><p class=\"elementor-image-box-description\">Simpozijum Srpskog dru\u0161tva za prou\u010davanje zemlji\u0161ta \u201eZemlji\u0161te\u2010osnovno prirodno\t dobro \u2013ugro\u017eenost i opasnosti\u201c je odr\u017ean na Go\u010du od 19. do 21. juna 2019. godine. <\/p><\/div><\/div>\t\t<\/div>\n\t\t\t\t<\/div>\n\t\t\t\t<div class=\"elementor-element elementor-element-a0e01f3 areas-box elementor-position-top elementor-widget elementor-widget-image-box\" data-id=\"a0e01f3\" data-element_type=\"widget\" data-widget_type=\"image-box.default\">\n\t\t\t\t<div class=\"elementor-widget-container\">\n\t\t\t<div class=\"elementor-image-box-wrapper\"><figure class=\"elementor-image-box-img\"><a href=\"https:\/\/journals.sagepub.com\/doi\/abs\/10.1177\/00037028231203249\" target=\"_blank\" tabindex=\"-1\"><img loading=\"lazy\" decoding=\"async\" width=\"968\" height=\"529\" src=\"https:\/\/agris.rs\/wordpress\/wp-content\/uploads\/2024\/01\/Picture23.jpg\" class=\"attachment-full size-full wp-image-4338\" alt=\"\" srcset=\"https:\/\/agris.rs\/wordpress\/wp-content\/uploads\/2024\/01\/Picture23.jpg 968w, https:\/\/agris.rs\/wordpress\/wp-content\/uploads\/2024\/01\/Picture23-300x164.jpg 300w, https:\/\/agris.rs\/wordpress\/wp-content\/uploads\/2024\/01\/Picture23-768x420.jpg 768w\" sizes=\"(max-width: 968px) 100vw, 968px\" \/><\/a><\/figure><div class=\"elementor-image-box-content\"><h2 class=\"elementor-image-box-title\"><a href=\"https:\/\/journals.sagepub.com\/doi\/abs\/10.1177\/00037028231203249\" target=\"_blank\">Simpozijum: Zemlji\u0161te u doba precizne poljoprivrede \"SoilAgroIT\"<\/a><\/h2><p class=\"elementor-image-box-description\">U okviru departmana za Ratarstvo i povrtarstvo, u junu i decembru mesecu 2022. Godine, odr\u017eane su dve masifestacije u vezi sa zemlji\u0161tem, a sve u cilju promocije o\u010duvanja zajedni\u010dnog neopbnovljivog prirodnog reursa. U junu smo organizovali nacionalni simpozijum: Zemlji\u0161te u doba precizne poljoprivrede i informacionih tehnologija, SoilAgroIT2022.  U decembru mesecu, povodom obele\u017eavanje svetskog dana zemlji\u0161ta, ve\u0107 nekoliko godina tradicionalno odr\u017eavamo skup KVALITET ZEMLJI\u0160TA u okviru kojeg obra\u0111ujemo razli\u010dite tematike u vezi sa zemlji\u0161ttem.\n<\/p><\/div><\/div>\t\t<\/div>\n\t\t\t\t<\/div>\n\t\t\t\t\t<\/div>\n\t\t<\/div>\n\t\t\t\t<div class=\"elementor-column elementor-col-33 elementor-top-column elementor-element elementor-element-a04c0ee\" data-id=\"a04c0ee\" data-element_type=\"column\">\n\t\t\t<div class=\"elementor-widget-wrap elementor-element-populated\">\n\t\t\t\t\t\t<div class=\"elementor-element elementor-element-29144851 areas-box elementor-position-top elementor-widget elementor-widget-image-box\" data-id=\"29144851\" data-element_type=\"widget\" data-widget_type=\"image-box.default\">\n\t\t\t\t<div class=\"elementor-widget-container\">\n\t\t\t<div class=\"elementor-image-box-wrapper\"><figure class=\"elementor-image-box-img\"><a href=\"#\" tabindex=\"-1\"><img loading=\"lazy\" decoding=\"async\" width=\"595\" height=\"640\" src=\"https:\/\/agris.rs\/wordpress\/wp-content\/uploads\/2023\/11\/33.png\" class=\"attachment-full size-full wp-image-2937\" alt=\"\" srcset=\"https:\/\/agris.rs\/wordpress\/wp-content\/uploads\/2023\/11\/33.png 595w, https:\/\/agris.rs\/wordpress\/wp-content\/uploads\/2023\/11\/33-279x300.png 279w\" sizes=\"(max-width: 595px) 100vw, 595px\" \/><\/a><\/figure><div class=\"elementor-image-box-content\"><h2 class=\"elementor-image-box-title\"><a href=\"#\"> Novi Sad - Matica srpska<\/a><\/h2><p class=\"elementor-image-box-description\">Nau\u010dni nacionalni skup \u201eEkolo\u0161ki zna\u010daj organske materije u zemlji\u0161tu\u201d odr\u017ean je 5. decembra 2019. u sve\u010danoj sali Matice srpske u Novom Sadu sa po\u010detkom u 10 \u010dasova. Skup su organizovali Matica srpska \u2013 Odeljenje za prirodne nauke, Institut za ratarstvo i povrtarstvo iz Novog Sada u partnerstvu sa Programom Ujedinjenih nacija za razvoj (UNDP) i uz podr\u0161ku privrede.\nSkup je upisan u zvani\u010dni kalendar doga\u0111aja UN kao zvani\u010dni doprinos Republike Srbije u obele\u017eavanju Svetskog dana zemlji\u0161ta. Na Skupu je razgovarano o re\u0161enjima i konkretnim merama za o\u010duvanje organske materije i adaptaciju na klimatske promene, kao \u0161to su: redukovana obrada zemlji\u0161ta, pokrovni usevi, zeleni\u0161no \u0111ubrenje, mikrobiolo\u0161ka razgradnja \u017eetvenih ostataka, navodnjavanje, vetroza\u0161titni pojasevi i dr.<\/p><\/div><\/div>\t\t<\/div>\n\t\t\t\t<\/div>\n\t\t\t\t<div class=\"elementor-element elementor-element-fd81b77 areas-box elementor-position-top elementor-widget elementor-widget-image-box\" data-id=\"fd81b77\" data-element_type=\"widget\" data-widget_type=\"image-box.default\">\n\t\t\t\t<div class=\"elementor-widget-container\">\n\t\t\t<div class=\"elementor-image-box-wrapper\"><figure class=\"elementor-image-box-img\"><a href=\"\" target=\"_blank\" tabindex=\"-1\"><img loading=\"lazy\" decoding=\"async\" width=\"761\" height=\"436\" src=\"https:\/\/agris.rs\/wordpress\/wp-content\/uploads\/2023\/11\/00.png\" class=\"attachment-full size-full wp-image-2954\" alt=\"\" srcset=\"https:\/\/agris.rs\/wordpress\/wp-content\/uploads\/2023\/11\/00.png 761w, https:\/\/agris.rs\/wordpress\/wp-content\/uploads\/2023\/11\/00-300x172.png 300w\" sizes=\"(max-width: 761px) 100vw, 761px\" \/><\/a><\/figure><div class=\"elementor-image-box-content\"><h2 class=\"elementor-image-box-title\"><a href=\"\" target=\"_blank\">LISABON \u2013 Pavilion of Knowledge<\/a><\/h2><p class=\"elementor-image-box-description\">Dana 03.07.2019. i 04.07.2019. u Lisabonu, prof. dr Vladimir \u0106iri\u0107 je prisustvovao radnom sastanku pod nazivom EuroGEOSS workshop, gde je sa svojom usmenom prezentacijom \u201eFarmer needs from EO data\u201c u\u010destvovao u plenarnoj sesiji pod nazivom \u201eInformation needs presented by broad range of users\u201c. Na pomenutim putovanjima sklopio je nova poznanstva i kontakte sa kolegama iz Evropske komisije i nau\u010dnicima iz oblasti daljinske detekcije i nauke o zemlji\u0161tu.<\/p><\/div><\/div>\t\t<\/div>\n\t\t\t\t<\/div>\n\t\t\t\t<div class=\"elementor-element elementor-element-9be6378 areas-box elementor-position-top elementor-widget elementor-widget-image-box\" data-id=\"9be6378\" data-element_type=\"widget\" data-widget_type=\"image-box.default\">\n\t\t\t\t<div class=\"elementor-widget-container\">\n\t\t\t<div class=\"elementor-image-box-wrapper\"><figure class=\"elementor-image-box-img\"><a href=\"\" target=\"_blank\" tabindex=\"-1\"><img loading=\"lazy\" decoding=\"async\" width=\"1131\" height=\"620\" src=\"https:\/\/agris.rs\/wordpress\/wp-content\/uploads\/2024\/01\/Picture34.jpg\" class=\"attachment-full size-full wp-image-4342\" alt=\"\" srcset=\"https:\/\/agris.rs\/wordpress\/wp-content\/uploads\/2024\/01\/Picture34.jpg 1131w, https:\/\/agris.rs\/wordpress\/wp-content\/uploads\/2024\/01\/Picture34-300x164.jpg 300w, https:\/\/agris.rs\/wordpress\/wp-content\/uploads\/2024\/01\/Picture34-1024x561.jpg 1024w, https:\/\/agris.rs\/wordpress\/wp-content\/uploads\/2024\/01\/Picture34-768x421.jpg 768w\" sizes=\"(max-width: 1131px) 100vw, 1131px\" \/><\/a><\/figure><div class=\"elementor-image-box-content\"><h2 class=\"elementor-image-box-title\"><a href=\"\" target=\"_blank\">Manifestacija \u201e\u041avalitet zemlji\u0161ta AP Vojvodine kao osnov za odr\u017eivu intenzifikaciju poljoprivrede\"<\/a><\/h2><p class=\"elementor-image-box-description\">Manifestacija \u201e\u041avalitet zemlji\u0161ta AP Vojvodine kao osnov za odr\u017eivu intenzifikaciju poljoprivrede\u201c odr\u017eana je na Poljoprivrednom fakultetu u Novom Sadu, 17.12.2021. godine. Na skupu je prisustvovalo 70 u\u010desnika, prvenstveno nau\u010dnih radnika i studenata sa Poljoprivrednog fakulteta Univerziteta u Novom Sadu, Instituta za ratarstvo i povrtarstvo Novi Sad i Biotehni\u010dkog fakulteta, Podgorica, Crna Gora. Izuzetno smo zadovoljni odazivom privrednika i poljoprivrednih proizvo\u0111a\u010da. <\/p><\/div><\/div>\t\t<\/div>\n\t\t\t\t<\/div>\n\t\t\t\t\t<\/div>\n\t\t<\/div>\n\t\t\t\t\t<\/div>\n\t\t<\/section>\n\t\t\t\t<\/div>\n\t\t","protected":false},"excerpt":{"rendered":"<p>Letnja \u0161kola Prof. dr Vladimir C\u0301iric\u0301 promovi\u0161e zna\u010daj zemlji\u0161ta na letnjoj \u0161koli u okviru projekta Zajedni\u010dkog istra\u017eiva\u010dkog centra Evropske komisije (JRC). Letnja \u0161kola \u201eEvaluacija zaga\u0111enja vazduha, zemlji\u0161ta i vode kao podr\u0161ka Evropskom zelenom dogovoru: holisti\u010dki pristup\u201c odr\u017eana je 4-8. septembra 2023. godine u zgradi Rektorata Univerziteta u Novom Sadu. Prof. dr Vladimir C\u0301iric\u0301 je prezentovao [&hellip;]<\/p>\n","protected":false},"author":3,"featured_media":0,"parent":0,"menu_order":0,"comment_status":"closed","ping_status":"closed","template":"","meta":{"_acf_changed":false,"footnotes":""},"acf":[],"_links":{"self":[{"href":"https:\/\/agris.rs\/wordpress\/index.php?rest_route=\/wp\/v2\/pages\/1325"}],"collection":[{"href":"https:\/\/agris.rs\/wordpress\/index.php?rest_route=\/wp\/v2\/pages"}],"about":[{"href":"https:\/\/agris.rs\/wordpress\/index.php?rest_route=\/wp\/v2\/types\/page"}],"author":[{"embeddable":true,"href":"https:\/\/agris.rs\/wordpress\/index.php?rest_route=\/wp\/v2\/users\/3"}],"replies":[{"embeddable":true,"href":"https:\/\/agris.rs\/wordpress\/index.php?rest_route=%2Fwp%2Fv2%2Fcomments&post=1325"}],"version-history":[{"count":122,"href":"https:\/\/agris.rs\/wordpress\/index.php?rest_route=\/wp\/v2\/pages\/1325\/revisions"}],"predecessor-version":[{"id":4363,"href":"https:\/\/agris.rs\/wordpress\/index.php?rest_route=\/wp\/v2\/pages\/1325\/revisions\/4363"}],"wp:attachment":[{"href":"https:\/\/agris.rs\/wordpress\/index.php?rest_route=%2Fwp%2Fv2%2Fmedia&parent=1325"}],"curies":[{"name":"wp","href":"https:\/\/api.w.org\/{rel}","templated":true}]}}